{"id":1327,"date":"2021-02-19T20:24:05","date_gmt":"2021-02-19T20:24:05","guid":{"rendered":"https:\/\/energiematverstand.lu\/wpenergie\/?page_id=1327"},"modified":"2021-03-12T23:07:02","modified_gmt":"2021-03-12T23:07:02","slug":"aner-geforen-2","status":"publish","type":"page","link":"https:\/\/energiematverstand.lu\/wpenergie\/fr\/aner-geforen-2\/","title":{"rendered":"Autres dangers"},"content":{"rendered":"\n<h2 class=\"has-normal-font-size wp-block-heading\"><strong>Danger de chutes de glace<\/strong><\/h2>\n\n\n\n<div class=\"wp-block-image\"><figure class=\"alignleft is-resized\"><img decoding=\"async\" loading=\"lazy\" src=\"https:\/\/energiematverstand.lu\/wpenergie\/wp-content\/uploads\/2021\/01\/ein-bild-das-text-himmel-schild-draussen-enthal.jpeg\" alt=\"Ein Bild, das Text, Himmel, Schild, drau\u00dfen enth\u00e4lt.\n\nAutomatisch generierte Beschreibung\" class=\"wp-image-934\" width=\"270\" height=\"202\" srcset=\"https:\/\/energiematverstand.lu\/wpenergie\/wp-content\/uploads\/2021\/01\/ein-bild-das-text-himmel-schild-draussen-enthal.jpeg 397w, https:\/\/energiematverstand.lu\/wpenergie\/wp-content\/uploads\/2021\/01\/ein-bild-das-text-himmel-schild-draussen-enthal-300x224.jpeg 300w\" sizes=\"(max-width: 270px) 100vw, 270px\" \/><\/figure><\/div>\n\n\n\n<p>En cas de temp\u00e9ratures hivernales, il peut arriver que les pales des \u00e9oliennes soient recouvertes de glace ou de givre (\u00e0 cause de l\u2019eau de condensation, du brouillard, de la pluie). Le danger existe qu\u2019avec la rotation des pales, des morceaux de glace se d\u00e9tachent et sont projet\u00e9s dans un rayon de centaines de m\u00e8tres. M\u00eame si les installations les plus r\u00e9centes sont \u00e9quip\u00e9es d\u2019un arr\u00eat automatique, ce danger n\u2019est pas \u00e0 exclure. Bien que des panneaux doivent rendre attentif \u00e0 ce danger, un risque potentiel subsiste pour les utilisateurs des terrains et chemins autour d\u2019une \u00e9olienne (cultivateurs, promeneurs et cyclistes).<\/p>\n\n\n\n<h2 class=\"has-normal-font-size wp-block-heading\"><strong>Danger d\u2019incendie<\/strong><\/h2>\n\n\n\n<p><em><em>\u00ab\u00a0Des coups de foudre, l\u2019isolation des c\u00e2bles endommag\u00e9e et la surchauffe des\u00a0transmissions:  chaque mois dix \u00e9oliennes en moyenne sont d\u00e9truites par un incendie. C\u2019est ce que l\u2019Universit\u00e9 britannique Elite Imperial College a d\u00e9couvert lors d\u2019une \u00e9tude\u00a0\u00bb.<\/em> <\/em><\/p>\n\n\n\n<div class=\"wp-block-image\"><figure class=\"alignleft is-resized\"><img decoding=\"async\" loading=\"lazy\" src=\"https:\/\/energiematverstand.lu\/wpenergie\/wp-content\/uploads\/2021\/01\/ein-brand-fuhrt-meist-zum-totalschaden-der-windtur.jpeg\" alt=\"Ein Brand f\u00fchrt meist zum Totalschaden der Windturbine. Die Masten sind f\u00fcr die Feuerwehrleitern zu hoch, die Gefahr f\u00fcr Feuerwehrm\u00e4nner ist zu hoch, durch abst\u00fcrzende Rotorbl\u00e4tter verletzt zu werden.\" class=\"wp-image-935\" width=\"224\" height=\"161\" srcset=\"https:\/\/energiematverstand.lu\/wpenergie\/wp-content\/uploads\/2021\/01\/ein-brand-fuhrt-meist-zum-totalschaden-der-windtur.jpeg 530w, https:\/\/energiematverstand.lu\/wpenergie\/wp-content\/uploads\/2021\/01\/ein-brand-fuhrt-meist-zum-totalschaden-der-windtur-300x216.jpeg 300w\" sizes=\"(max-width: 224px) 100vw, 224px\" \/><\/figure><\/div>\n\n\n\n<div class=\"wp-block-image\"><figure class=\"alignright is-resized\"><img decoding=\"async\" loading=\"lazy\" src=\"https:\/\/energiematverstand.lu\/wpenergie\/wp-content\/uploads\/2021\/01\/ein-bild-das-draussen-enthalt-automatisch-generi.jpeg\" alt=\"Ein Bild, das drau\u00dfen enth\u00e4lt. Automatisch generierte Beschreibung\" class=\"wp-image-936\" width=\"189\" height=\"134\" srcset=\"https:\/\/energiematverstand.lu\/wpenergie\/wp-content\/uploads\/2021\/01\/ein-bild-das-draussen-enthalt-automatisch-generi.jpeg 510w, https:\/\/energiematverstand.lu\/wpenergie\/wp-content\/uploads\/2021\/01\/ein-bild-das-draussen-enthalt-automatisch-generi-300x214.jpeg 300w\" sizes=\"(max-width: 189px) 100vw, 189px\" \/><\/figure><\/div>\n\n\n\n<p>Que se passe-t-il si l\u2019\u00e9olienne prend feu&nbsp;? L\u2019incendie d\u2019une \u00e9olienne ne peut pas \u00eatre \u00e9teint. Dans ce cas, les pompiers peuvent uniquement barricader le terrain et attendre que l\u2019installation soit consum\u00e9e par le feu. De telles hauteurs rendent l\u2019extinction impossible. Comme il est fort probable que des parties en feu vont chuter, les \u00e9quipes de sauvetage ne peuvent rien faire d\u2019autre que de barricader le terrain, conseiller aux riverains de fermer les fen\u00eatres et d\u2019\u00e9viter de s\u2019approcher du lieu de l\u2019incendie. L\u2019incendie d\u2019une \u00e9olienne est quasiment \u00e0 consid\u00e9rer comme perte \u00e9conomique totale.<\/p>\n\n\n\n<h2 class=\"has-normal-font-size wp-block-heading\"><strong>Bris d\u2019une \u00e9olienne<\/strong><\/h2>\n\n\n\n<div class=\"wp-block-image\"><figure class=\"alignleft is-resized\"><img decoding=\"async\" loading=\"lazy\" src=\"https:\/\/energiematverstand.lu\/wpenergie\/wp-content\/uploads\/2021\/01\/ein-bild-das-gras-draussen-himmel-windmuhle-ent.jpeg\" alt=\"Ein Bild, das Gras, drau\u00dfen, Himmel, Windm\u00fchle enth\u00e4lt.\n\nAutomatisch generierte Beschreibung\" class=\"wp-image-937\" width=\"279\" height=\"157\" srcset=\"https:\/\/energiematverstand.lu\/wpenergie\/wp-content\/uploads\/2021\/01\/ein-bild-das-gras-draussen-himmel-windmuhle-ent.jpeg 474w, https:\/\/energiematverstand.lu\/wpenergie\/wp-content\/uploads\/2021\/01\/ein-bild-das-gras-draussen-himmel-windmuhle-ent-300x169.jpeg 300w\" sizes=\"(max-width: 279px) 100vw, 279px\" \/><\/figure><\/div>\n\n\n\n<p>Outre l\u2019incendie, la cassure d\u2019une pale est une autre m\u00e9ga catastrophe th\u00e9orique d\u2019une \u00e9olienne (\u00ab&nbsp;GAWU \u2013 Gr\u00f6\u00dfter anzunehmender Windkraftanlagenunfall \u00bb)<\/p>\n\n\n\n<p>Suite \u00e0 une temp\u00eate, \u00e0 des d\u00e9fauts de mat\u00e9riaux et\/ou \u00e0 l\u2019anciennet\u00e9, il se peut que des pi\u00e8ces se d\u00e9tachent. Si une pale ou m\u00eame l\u2019\u00e9olienne enti\u00e8re casse et que les pi\u00e8ces d\u00e9tach\u00e9es tombent ou sont projet\u00e9es dans les alentours, on ne peut esp\u00e9rer qu\u2019il n\u2019y aura pas de bless\u00e9s voire des morts (cultivateurs, promeneurs ou sportifs). Les frais pour dommages s\u2019\u00e9l\u00e8veraient \u00e0 des millions.<\/p>\n","protected":false},"excerpt":{"rendered":"<p>Danger de chutes de glace En cas de temp\u00e9ratures hivernales, il peut arriver que les pales des \u00e9oliennes soient recouvertes de glace ou de givre (\u00e0 cause de l\u2019eau de condensation, du brouillard, de la pluie). Le danger existe qu\u2019avec la rotation des pales, des morceaux de glace se d\u00e9tachent et sont projet\u00e9s dans un [&hellip;]<\/p>\n","protected":false},"author":5,"featured_media":0,"parent":0,"menu_order":0,"comment_status":"closed","ping_status":"closed","template":"","meta":[],"_links":{"self":[{"href":"https:\/\/energiematverstand.lu\/wpenergie\/wp-json\/wp\/v2\/pages\/1327"}],"collection":[{"href":"https:\/\/energiematverstand.lu\/wpenergie\/wp-json\/wp\/v2\/pages"}],"about":[{"href":"https:\/\/energiematverstand.lu\/wpenergie\/wp-json\/wp\/v2\/types\/page"}],"author":[{"embeddable":true,"href":"https:\/\/energiematverstand.lu\/wpenergie\/wp-json\/wp\/v2\/users\/5"}],"replies":[{"embeddable":true,"href":"https:\/\/energiematverstand.lu\/wpenergie\/wp-json\/wp\/v2\/comments?post=1327"}],"version-history":[{"count":3,"href":"https:\/\/energiematverstand.lu\/wpenergie\/wp-json\/wp\/v2\/pages\/1327\/revisions"}],"predecessor-version":[{"id":1484,"href":"https:\/\/energiematverstand.lu\/wpenergie\/wp-json\/wp\/v2\/pages\/1327\/revisions\/1484"}],"wp:attachment":[{"href":"https:\/\/energiematverstand.lu\/wpenergie\/wp-json\/wp\/v2\/media?parent=1327"}],"curies":[{"name":"wp","href":"https:\/\/api.w.org\/{rel}","templated":true}]}}