{"id":1377,"date":"2021-03-08T18:51:40","date_gmt":"2021-03-08T18:51:40","guid":{"rendered":"https:\/\/energiematverstand.lu\/wpenergie\/?page_id=1377"},"modified":"2021-03-08T20:26:16","modified_gmt":"2021-03-08T20:26:16","slug":"comite-2","status":"publish","type":"page","link":"https:\/\/energiematverstand.lu\/wpenergie\/fr\/comite-2\/","title":{"rendered":"Comit\u00e9"},"content":{"rendered":"\n<h2 class=\"has-text-align-center wp-block-heading\">&lt;&lt; <strong>Energie mat Verstand &gt;&gt; <\/strong><\/h2>\n\n\n\n<p class=\"has-text-align-center\">WALLERS Yves &#8211; Pr\u00e9sident<br>POTT Georges &#8211; Vice-Pr\u00e9sident<br>GARIN-STEIN Mich\u00e8le &#8211; Secr\u00e9taire<br>SCHMITGEN Jos &#8211; Secr\u00e9taire adjoint<br>SIMON Pierre &#8211; Tr\u00e9sorier<\/p>\n\n\n\n<p class=\"has-text-align-center\">Membres du Conseil d&#8217;administration:<br><br>BECKEN\u00c9 Jean-Louis<br>CHELIUS Jean<br>HUBERTY Jos<br>TESSARO Carlo<br>VRANCKEN-REEFF Pia<br>WOLFF Bert<br>WOLTER Claude<\/p>\n\n\n\n<figure class=\"wp-block-gallery columns-1 is-cropped wp-block-gallery-1 is-layout-flex\"><ul class=\"blocks-gallery-grid\"><li class=\"blocks-gallery-item\"><figure><img decoding=\"async\" loading=\"lazy\" width=\"1084\" height=\"308\" src=\"https:\/\/energiematverstand.lu\/wpenergie\/wp-content\/uploads\/2021\/01\/Capture24.jpg\" alt=\"\" data-id=\"732\" data-full-url=\"https:\/\/energiematverstand.lu\/wpenergie\/wp-content\/uploads\/2021\/01\/Capture24.jpg\" data-link=\"https:\/\/energiematverstand.lu\/wpenergie\/comite\/capture24\/\" class=\"wp-image-732\" srcset=\"https:\/\/energiematverstand.lu\/wpenergie\/wp-content\/uploads\/2021\/01\/Capture24.jpg 1084w, https:\/\/energiematverstand.lu\/wpenergie\/wp-content\/uploads\/2021\/01\/Capture24-300x85.jpg 300w, https:\/\/energiematverstand.lu\/wpenergie\/wp-content\/uploads\/2021\/01\/Capture24-1024x291.jpg 1024w, https:\/\/energiematverstand.lu\/wpenergie\/wp-content\/uploads\/2021\/01\/Capture24-768x218.jpg 768w, https:\/\/energiematverstand.lu\/wpenergie\/wp-content\/uploads\/2021\/01\/Capture24-624x177.jpg 624w\" sizes=\"(max-width: 1084px) 100vw, 1084px\" \/><\/figure><\/li><\/ul><\/figure>\n\n\n\n<div class=\"wp-block-file aligncenter\"><a href=\"https:\/\/energiematverstand.lu\/wpenergie\/wp-content\/uploads\/2021\/01\/Statuts-version-Website-13.01.2021.pdf\" target=\"_blank\" rel=\"noreferrer noopener\">Statuten <strong>\u00ab&nbsp;Energie mat Verstand&nbsp;\u00bb<\/strong><\/a><\/div>\n\n\n\n<p><\/p>\n","protected":false},"excerpt":{"rendered":"<p>&lt;&lt; Energie mat Verstand &gt;&gt; WALLERS Yves &#8211; Pr\u00e9sidentPOTT Georges &#8211; Vice-Pr\u00e9sidentGARIN-STEIN Mich\u00e8le &#8211; Secr\u00e9taireSCHMITGEN Jos &#8211; Secr\u00e9taire adjointSIMON Pierre &#8211; Tr\u00e9sorier Membres du Conseil d&#8217;administration: BECKEN\u00c9 Jean-LouisCHELIUS JeanHUBERTY JosTESSARO CarloVRANCKEN-REEFF PiaWOLFF BertWOLTER Claude<\/p>\n","protected":false},"author":5,"featured_media":0,"parent":0,"menu_order":0,"comment_status":"closed","ping_status":"closed","template":"","meta":[],"_links":{"self":[{"href":"https:\/\/energiematverstand.lu\/wpenergie\/wp-json\/wp\/v2\/pages\/1377"}],"collection":[{"href":"https:\/\/energiematverstand.lu\/wpenergie\/wp-json\/wp\/v2\/pages"}],"about":[{"href":"https:\/\/energiematverstand.lu\/wpenergie\/wp-json\/wp\/v2\/types\/page"}],"author":[{"embeddable":true,"href":"https:\/\/energiematverstand.lu\/wpenergie\/wp-json\/wp\/v2\/users\/5"}],"replies":[{"embeddable":true,"href":"https:\/\/energiematverstand.lu\/wpenergie\/wp-json\/wp\/v2\/comments?post=1377"}],"version-history":[{"count":1,"href":"https:\/\/energiematverstand.lu\/wpenergie\/wp-json\/wp\/v2\/pages\/1377\/revisions"}],"predecessor-version":[{"id":1378,"href":"https:\/\/energiematverstand.lu\/wpenergie\/wp-json\/wp\/v2\/pages\/1377\/revisions\/1378"}],"wp:attachment":[{"href":"https:\/\/energiematverstand.lu\/wpenergie\/wp-json\/wp\/v2\/media?parent=1377"}],"curies":[{"name":"wp","href":"https:\/\/api.w.org\/{rel}","templated":true}]}}